{"id":215,"date":"2026-01-15T17:59:56","date_gmt":"2026-01-15T16:59:56","guid":{"rendered":"https:\/\/lpctour.fr\/2025\/td\/erwan\/?page_id=215"},"modified":"2026-01-17T13:23:01","modified_gmt":"2026-01-17T12:23:01","slug":"a-venir","status":"publish","type":"page","link":"https:\/\/lpctour.fr\/2025\/td\/erwan\/a-venir\/","title":{"rendered":"\u00c0 Venir"},"content":{"rendered":"<h2 style=\"text-align: center;\"><span style=\"font-size: 36pt;\"><strong>\u2013 Nos futurs voyages \u00e0 la journ\u00e9e\u2013<\/strong><\/span><\/h2>\n<p>&nbsp;<\/p>\n<table style=\"border-collapse: collapse; width: 90.1804%; height: 224px;\">\n<tbody>\n<tr>\n<td style=\"width: 39.0659%;\"><img loading=\"lazy\" decoding=\"async\" class=\"alignnone wp-image-77 size-medium\" style=\"width: 380px; height: 250px; object-fit: cover;\" src=\"https:\/\/lpctour.fr\/2025\/td\/erwan\/wp-content\/uploads\/2025\/11\/Photo-musee-in-flanders-fields-300x150.jpg\" alt=\"\" width=\"300\" height=\"150\" srcset=\"https:\/\/lpctour.fr\/2025\/td\/erwan\/wp-content\/uploads\/2025\/11\/Photo-musee-in-flanders-fields-300x150.jpg 300w, https:\/\/lpctour.fr\/2025\/td\/erwan\/wp-content\/uploads\/2025\/11\/Photo-musee-in-flanders-fields-1024x512.jpg 1024w, https:\/\/lpctour.fr\/2025\/td\/erwan\/wp-content\/uploads\/2025\/11\/Photo-musee-in-flanders-fields-768x384.jpg 768w, https:\/\/lpctour.fr\/2025\/td\/erwan\/wp-content\/uploads\/2025\/11\/Photo-musee-in-flanders-fields-1536x768.jpg 1536w, https:\/\/lpctour.fr\/2025\/td\/erwan\/wp-content\/uploads\/2025\/11\/Photo-musee-in-flanders-fields.jpg 2000w\" sizes=\"auto, (max-width: 300px) 100vw, 300px\" \/><\/td>\n<td style=\"width: 60.9341%; vertical-align: top;\"><span style=\"font-size: 14pt;\">Programme : \u00ab\u00a0Ypres et Falndres\u00a0\u00bb<\/span><\/p>\n<p>Nous partirons \u00e0 Ypres pour visiter le mus\u00e9e In Flanders Fields qui retrace la premi\u00e8re guerre mondiale, puis nous nous rendrons au Menin Gate Memorial. Apr\u00e8s une pause le midi, nous explorerons le cimeti\u00e8re de Tyne Cot, le plus grand du Commonwealth et d\u00e9couvrirons les bunkers utilis\u00e9s durant la seconde guerre mondiale.<\/td>\n<\/tr>\n<\/tbody>\n<\/table>\n<p>&nbsp;<\/p>\n<table style=\"border-collapse: collapse; width: 90.1804%; height: 224px;\">\n<tbody>\n<tr>\n<td style=\"width: 39.0659%;\"><img loading=\"lazy\" decoding=\"async\" class=\"alignnone wp-image-73 size-medium\" style=\"width: 380px; height: 250px; object-fit: cover;\" src=\"https:\/\/lpctour.fr\/2025\/td\/erwan\/wp-content\/uploads\/2025\/11\/photo-clairiere-de-larmistice-300x196.jpg\" alt=\"\" width=\"300\" height=\"196\" srcset=\"https:\/\/lpctour.fr\/2025\/td\/erwan\/wp-content\/uploads\/2025\/11\/photo-clairiere-de-larmistice-300x196.jpg 300w, https:\/\/lpctour.fr\/2025\/td\/erwan\/wp-content\/uploads\/2025\/11\/photo-clairiere-de-larmistice.jpg 512w\" sizes=\"auto, (max-width: 300px) 100vw, 300px\" \/><\/td>\n<td style=\"width: 60.9341%; vertical-align: top;\"><span style=\"font-size: 14pt;\">Programme : \u00ab\u00a0M\u00e9moire des deux guerres \u00e0 Compi\u00e8gne\u00a0\u00bb<\/span><\/p>\n<p>Ce programme comporte les m\u00e9moires des deux guerres mondiales, avec la visite de la Clari\u00e8re de l&rsquo;Armistice, o\u00f9 les armistices de 1918 et 1940 ont \u00e9t\u00e9 sign\u00e9s. Nous visiterons ensuite le mus\u00e9e de la r\u00e9sistance et de la d\u00e9portation qui retracent les luttes locales contre l&rsquo;occupation.<\/td>\n<\/tr>\n<\/tbody>\n<\/table>\n<p>&nbsp;<\/p>\n<h2 style=\"text-align: center;\"><span style=\"font-size: 36pt;\"><strong>\u2013 Nos futurs s\u00e9jours \u00e0 l&rsquo;\u00e9tranger \u2013<\/strong><\/span><\/h2>\n<p>&nbsp;<\/p>\n<p style=\"text-align: center;\"><img loading=\"lazy\" decoding=\"async\" class=\"aligncenter wp-image-81 size-medium\" style=\"width: 380px; height: 250px; object-fit: cover;\" src=\"https:\/\/lpctour.fr\/2025\/td\/erwan\/wp-content\/uploads\/2025\/11\/Photo_memorialdelapaix-300x200.jpg\" alt=\"\" width=\"300\" height=\"200\" srcset=\"https:\/\/lpctour.fr\/2025\/td\/erwan\/wp-content\/uploads\/2025\/11\/Photo_memorialdelapaix-300x200.jpg 300w, https:\/\/lpctour.fr\/2025\/td\/erwan\/wp-content\/uploads\/2025\/11\/Photo_memorialdelapaix-1024x683.jpg 1024w, https:\/\/lpctour.fr\/2025\/td\/erwan\/wp-content\/uploads\/2025\/11\/Photo_memorialdelapaix-768x512.jpg 768w, https:\/\/lpctour.fr\/2025\/td\/erwan\/wp-content\/uploads\/2025\/11\/Photo_memorialdelapaix.jpg 1500w\" sizes=\"auto, (max-width: 300px) 100vw, 300px\" \/><\/p>\n<p style=\"text-align: center;\" data-start=\"323\" data-end=\"499\">Japon : Hiroshima, Nagasaki, Okinawa, Tokyo et Kyoto (10 jours)<\/p>\n<p data-start=\"323\" data-end=\"499\"><strong data-start=\"323\" data-end=\"351\">Jour 1 : Arriv\u00e9e \u00e0 Tokyo<\/strong><br data-start=\"351\" data-end=\"354\" \/>Arriv\u00e9e au Japon, installation \u00e0 l\u2019h\u00f4tel. Premi\u00e8re d\u00e9couverte de la capitale et introduction \u00e0 l\u2019histoire du Japon au XX\u1d49 si\u00e8cle. Nuit\u00e9e \u00e0 Tokyo.<\/p>\n<p data-start=\"501\" data-end=\"740\"><strong data-start=\"501\" data-end=\"537\">Jour 2 : Tokyo \u2013 Japon en guerre<\/strong><br data-start=\"537\" data-end=\"540\" \/>Visite du mus\u00e9e Y\u016bsh\u016bkan (sanctuaire Yasukuni), consacr\u00e9 \u00e0 l\u2019histoire militaire japonaise. D\u00e9couverte de lieux li\u00e9s aux bombardements de Tokyo et \u00e0 la vie des civils pendant la guerre. Nuit\u00e9e \u00e0 Tokyo.<\/p>\n<p data-start=\"742\" data-end=\"938\"><strong data-start=\"742\" data-end=\"781\">Jour 3 : Tokyo \u2013 m\u00e9moire et soci\u00e9t\u00e9<\/strong><br data-start=\"781\" data-end=\"784\" \/>Approche de la m\u00e9moire de la guerre au Japon \u00e0 travers mus\u00e9es et quartiers touch\u00e9s par les bombardements. Temps d\u2019\u00e9change et de r\u00e9flexion. Nuit\u00e9e \u00e0 Tokyo.<\/p>\n<p data-start=\"940\" data-end=\"1157\"><strong data-start=\"940\" data-end=\"985\">Jour 4 : Tokyo \u2192 Kyoto (train Shinkansen)<\/strong><br data-start=\"985\" data-end=\"988\" \/>Trajet vers Kyoto. Pr\u00e9sentation du r\u00f4le politique et culturel de Kyoto durant la Seconde Guerre mondiale, ville largement \u00e9pargn\u00e9e par les bombardements. Nuit\u00e9e \u00e0 Kyoto.<\/p>\n<p data-start=\"1159\" data-end=\"1344\"><strong data-start=\"1159\" data-end=\"1211\">Jour 5 : Kyoto \u2013 Japon imp\u00e9rial et arri\u00e8re-front<\/strong><br data-start=\"1211\" data-end=\"1214\" \/>Visites autour du Japon imp\u00e9rial, de l\u2019organisation de l\u2019arri\u00e8re-front et de la vie quotidienne pendant la guerre. Nuit\u00e9e \u00e0 Kyoto.<\/p>\n<p data-start=\"1346\" data-end=\"1516\"><strong data-start=\"1346\" data-end=\"1376\">Jour 6 : Kyoto \u2192 Hiroshima<\/strong><br data-start=\"1376\" data-end=\"1379\" \/>Trajet en train vers Hiroshima. Premi\u00e8re approche du contexte historique menant \u00e0 l\u2019utilisation de la bombe atomique. Nuit\u00e9e \u00e0 Hiroshima.<\/p>\n<p data-start=\"1518\" data-end=\"1722\"><strong data-start=\"1518\" data-end=\"1568\">Jour 7 : Hiroshima \u2013 bombe atomique et m\u00e9moire<\/strong><br data-start=\"1568\" data-end=\"1571\" \/>Visite du Parc du M\u00e9morial de la Paix, du mus\u00e9e de la bombe atomique et du D\u00f4me de Genbaku. Temps de recueillement et de r\u00e9flexion. Nuit\u00e9e \u00e0 Hiroshima.<\/p>\n<p data-start=\"1724\" data-end=\"1891\"><strong data-start=\"1724\" data-end=\"1764\">Jour 8 : Hiroshima \u2192 Okinawa (avion)<\/strong><br data-start=\"1764\" data-end=\"1767\" \/>Vol vers Okinawa. Introduction \u00e0 la bataille d\u2019Okinawa, l\u2019un des combats les plus meurtriers du Pacifique. Nuit\u00e9e \u00e0 Okinawa.<\/p>\n<p data-start=\"1893\" data-end=\"2090\"><strong data-start=\"1893\" data-end=\"1935\">Jour 9 : Okinawa \u2013 bataille et m\u00e9moire<\/strong><br data-start=\"1935\" data-end=\"1938\" \/>Visite des sites m\u00e9moriels de la bataille d\u2019Okinawa : parc de la Paix, monuments comm\u00e9moratifs et mus\u00e9es d\u00e9di\u00e9s aux civils et soldats. Nuit\u00e9e \u00e0 Okinawa.<\/p>\n<p data-start=\"2092\" data-end=\"2213\"><strong data-start=\"2092\" data-end=\"2119\">Jour 10 : Fin du s\u00e9jour<\/strong><br data-start=\"2119\" data-end=\"2122\" \/>Temps libre pour une derni\u00e8re visite m\u00e9morielle selon l\u2019horaire de d\u00e9part. D\u00e9part du Japon.<\/p>\n<p>&nbsp;<\/p>\n<p>&nbsp;<\/p>\n<p style=\"text-align: center;\"><img loading=\"lazy\" decoding=\"async\" class=\"alignnone wp-image-80 size-medium\" style=\"width: 380px; height: 250px; object-fit: cover;\" src=\"https:\/\/lpctour.fr\/2025\/td\/erwan\/wp-content\/uploads\/2025\/11\/Photo_dort_henry-300x158.jpg\" alt=\"\" width=\"300\" height=\"158\" srcset=\"https:\/\/lpctour.fr\/2025\/td\/erwan\/wp-content\/uploads\/2025\/11\/Photo_dort_henry-300x158.jpg 300w, https:\/\/lpctour.fr\/2025\/td\/erwan\/wp-content\/uploads\/2025\/11\/Photo_dort_henry-1024x538.jpg 1024w, https:\/\/lpctour.fr\/2025\/td\/erwan\/wp-content\/uploads\/2025\/11\/Photo_dort_henry-768x403.jpg 768w, https:\/\/lpctour.fr\/2025\/td\/erwan\/wp-content\/uploads\/2025\/11\/Photo_dort_henry.jpg 1200w\" sizes=\"auto, (max-width: 300px) 100vw, 300px\" \/><\/p>\n<p style=\"text-align: center;\" data-start=\"323\" data-end=\"499\">Canada : Montr\u00e9al, Ottawa, Qu\u00e9bec, Halifax (8 jours)<\/p>\n<p data-start=\"301\" data-end=\"497\"><strong data-start=\"301\" data-end=\"332\">Jour 1 : Arriv\u00e9e \u00e0 Montr\u00e9al<\/strong><br data-start=\"332\" data-end=\"335\" \/>Arriv\u00e9e au Canada, installation \u00e0 l\u2019h\u00f4tel. Premi\u00e8re d\u00e9couverte de Montr\u00e9al et introduction au r\u00f4le du Canada durant la Seconde Guerre mondiale. Nuit\u00e9e \u00e0 Montr\u00e9al.<\/p>\n<p data-start=\"499\" data-end=\"707\"><strong data-start=\"499\" data-end=\"550\">Jour 2 : Montr\u00e9al \u2013 effort de guerre et soci\u00e9t\u00e9<\/strong><br data-start=\"550\" data-end=\"553\" \/>Visite de lieux et mus\u00e9es \u00e9voquant la mobilisation canadienne, l\u2019industrie de guerre et la vie des civils au Qu\u00e9bec pendant le conflit. Nuit\u00e9e \u00e0 Montr\u00e9al.<\/p>\n<p data-start=\"709\" data-end=\"862\"><strong data-start=\"709\" data-end=\"739\">Jour 3 : Montr\u00e9al \u2192 Ottawa<\/strong><br data-start=\"739\" data-end=\"742\" \/>Trajet vers Ottawa. D\u00e9couverte de la capitale f\u00e9d\u00e9rale et du r\u00f4le politique du Canada durant la guerre. Nuit\u00e9e \u00e0 Ottawa.<\/p>\n<p data-start=\"864\" data-end=\"1080\"><strong data-start=\"864\" data-end=\"913\">Jour 4 : Ottawa \u2013 m\u00e9moire militaire nationale<\/strong><br data-start=\"913\" data-end=\"916\" \/>Visite du Mus\u00e9e canadien de la guerre, retra\u00e7ant l\u2019engagement du Canada en Europe et dans le Pacifique. Passage par le M\u00e9morial national de guerre. Nuit\u00e9e \u00e0 Ottawa.<\/p>\n<p data-start=\"1082\" data-end=\"1287\"><strong data-start=\"1082\" data-end=\"1110\">Jour 5 : Ottawa \u2192 Qu\u00e9bec<\/strong><br data-start=\"1110\" data-end=\"1113\" \/>Trajet vers la ville de Qu\u00e9bec. Approche historique du Canada fran\u00e7ais pendant la Seconde Guerre mondiale et du r\u00f4le strat\u00e9gique du pays en Am\u00e9rique du Nord. Nuit\u00e9e \u00e0 Qu\u00e9bec.<\/p>\n<p data-start=\"1289\" data-end=\"1500\"><strong data-start=\"1289\" data-end=\"1335\">Jour 6 : Qu\u00e9bec \u2013 soci\u00e9t\u00e9 et arri\u00e8re-front<\/strong><br data-start=\"1335\" data-end=\"1338\" \/>Visites autour de la vie quotidienne durant la guerre, de la conscription et des bases militaires canadiennes. Temps libre dans la vieille ville. Nuit\u00e9e \u00e0 Qu\u00e9bec.<\/p>\n<p data-start=\"1502\" data-end=\"1684\"><strong data-start=\"1502\" data-end=\"1539\">Jour 7 : Qu\u00e9bec \u2192 Halifax (avion)<\/strong><br data-start=\"1539\" data-end=\"1542\" \/>Vol vers Halifax. Introduction au r\u00f4le strat\u00e9gique de la ville comme base navale majeure durant la bataille de l\u2019Atlantique. Nuit\u00e9e \u00e0 Halifax.<\/p>\n<p data-start=\"1686\" data-end=\"1858\"><strong data-start=\"1686\" data-end=\"1743\">Jour 8 : Halifax \u2013 bataille de l\u2019Atlantique et d\u00e9part<\/strong><br data-start=\"1743\" data-end=\"1746\" \/>Visite de sites m\u00e9moriels li\u00e9s \u00e0 la marine canadienne et \u00e0 la bataille de l\u2019Atlantique. Temps libre puis d\u00e9part.<\/p>\n<p>&nbsp;<\/p>\n<h2><\/h2>\n<h2><\/h2>\n<h2><\/h2>\n<h2 style=\"text-align: center;\"><span style=\"font-size: 32px; color: #ff0000;\">Pour les tarifs, veuillez nous consulter. <\/span><\/h2>\n<h2 style=\"text-align: center;\"><span style=\"font-size: 32px; color: #ff0000;\">De nouveaux projets arrivent prochainement !<\/span><\/h2>\n","protected":false},"excerpt":{"rendered":"<p>\u2013 Nos futurs voyages \u00e0 la journ\u00e9e\u2013 &nbsp; Programme : \u00ab\u00a0Ypres et Falndres\u00a0\u00bb Nous partirons \u00e0 Ypres pour visiter le mus\u00e9e In Flanders Fields qui retrace la premi\u00e8re guerre mondiale, puis nous nous rendrons au Menin Gate Memorial. Apr\u00e8s une pause le midi, nous explorerons le cimeti\u00e8re de Tyne Cot, le plus grand du Commonwealth [&hellip;]<\/p>\n","protected":false},"author":1,"featured_media":0,"parent":0,"menu_order":2,"comment_status":"closed","ping_status":"closed","template":"","meta":{"footnotes":""},"class_list":["post-215","page","type-page","status-publish","hentry"],"_links":{"self":[{"href":"https:\/\/lpctour.fr\/2025\/td\/erwan\/wp-json\/wp\/v2\/pages\/215","targetHints":{"allow":["GET"]}}],"collection":[{"href":"https:\/\/lpctour.fr\/2025\/td\/erwan\/wp-json\/wp\/v2\/pages"}],"about":[{"href":"https:\/\/lpctour.fr\/2025\/td\/erwan\/wp-json\/wp\/v2\/types\/page"}],"author":[{"embeddable":true,"href":"https:\/\/lpctour.fr\/2025\/td\/erwan\/wp-json\/wp\/v2\/users\/1"}],"replies":[{"embeddable":true,"href":"https:\/\/lpctour.fr\/2025\/td\/erwan\/wp-json\/wp\/v2\/comments?post=215"}],"version-history":[{"count":21,"href":"https:\/\/lpctour.fr\/2025\/td\/erwan\/wp-json\/wp\/v2\/pages\/215\/revisions"}],"predecessor-version":[{"id":260,"href":"https:\/\/lpctour.fr\/2025\/td\/erwan\/wp-json\/wp\/v2\/pages\/215\/revisions\/260"}],"wp:attachment":[{"href":"https:\/\/lpctour.fr\/2025\/td\/erwan\/wp-json\/wp\/v2\/media?parent=215"}],"curies":[{"name":"wp","href":"https:\/\/api.w.org\/{rel}","templated":true}]}}