{"id":49,"date":"2025-11-28T10:57:57","date_gmt":"2025-11-28T09:57:57","guid":{"rendered":"https:\/\/lpctour.buchon.fr\/2025\/td\/erwan\/?page_id=49"},"modified":"2026-01-17T13:52:06","modified_gmt":"2026-01-17T12:52:06","slug":"nos-voyages","status":"publish","type":"page","link":"https:\/\/lpctour.fr\/2025\/td\/erwan\/nos-voyages\/","title":{"rendered":"Nos Voyages"},"content":{"rendered":"<h2><\/h2>\n<h2 style=\"text-align: center;\"><strong><span style=\"font-size: 24pt;\">\u2013 Nos r\u00e9cents voyages \u00e0 la journ\u00e9e\u2013<\/span><\/strong><\/h2>\n<p>&nbsp;<\/p>\n<table style=\"border-collapse: collapse; width: 90.1804%; height: 224px;\">\n<tbody>\n<tr>\n<td style=\"width: 39.0659%;\"><img loading=\"lazy\" decoding=\"async\" class=\"alignnone wp-image-84 size-medium\" style=\"width: 380px; height: 250px; object-fit: cover;\" src=\"https:\/\/lpctour.fr\/2025\/td\/erwan\/wp-content\/uploads\/2025\/11\/Visite-de-Beaumont-Hamel-300x195.jpg\" alt=\"\" width=\"300\" height=\"195\" \/><\/td>\n<td style=\"width: 60.9341%; vertical-align: top;\"><span style=\"font-size: 14pt;\">Programme : \u00ab\u00a0Champs de bataille de la Somme\u00a0\u00bb<\/span><\/p>\n<p>Ce voyage nous a permis de revenir sur les lieux embl\u00e9matiques dans la Somme. La matin\u00e9e d\u00e9butait par une visite du M\u00e9morial de Thiepval, d\u00e9di\u00e9 aux disparus, suivie de l&rsquo;impressionnant Lochnagar Crater \u00e0 la Boiselle. Apr\u00e8s une pause d\u00e9jeuner, notre association d\u00e9couvrait le site pr\u00e9serv\u00e9 de Beaumont-Hamel, o\u00f9 les tranch\u00e9es canadiennes sont encore visibles, le tout se terminant par la d\u00e9couverte du cimeti\u00e8re de Pozi\u00e8res.<\/td>\n<\/tr>\n<\/tbody>\n<\/table>\n<p>&nbsp;<\/p>\n<table style=\"border-collapse: collapse; width: 90.1804%; height: 224px;\">\n<tbody>\n<tr>\n<td style=\"width: 39.0659%;\"><img loading=\"lazy\" decoding=\"async\" width=\"300\" height=\"167\" class=\"alignnone wp-image-76\" style=\"width: 380px; height: 250px; object-fit: cover;\" src=\"https:\/\/lpctour.fr\/2025\/td\/erwan\/wp-content\/uploads\/2025\/11\/Photo-musee-Dunkerque-300x167.jpg\" alt=\"\" srcset=\"https:\/\/lpctour.fr\/2025\/td\/erwan\/wp-content\/uploads\/2025\/11\/Photo-musee-Dunkerque-300x167.jpg 300w, https:\/\/lpctour.fr\/2025\/td\/erwan\/wp-content\/uploads\/2025\/11\/Photo-musee-Dunkerque-768x427.jpg 768w, https:\/\/lpctour.fr\/2025\/td\/erwan\/wp-content\/uploads\/2025\/11\/Photo-musee-Dunkerque.jpg 1008w\" sizes=\"auto, (max-width: 300px) 100vw, 300px\" \/><\/td>\n<td style=\"width: 60.9341%; vertical-align: top;\"><span style=\"font-size: 14pt;\">Programme : \u00ab\u00a0Programme op\u00e9ration Dunkerquoise\u00a0\u00bb<\/span><\/p>\n<p>Les adh\u00e9rents exploraient les \u00e9v\u00e8nements de l&rsquo;op\u00e9ration Dynamo \u00e0 Dunkerque, avec notamment une visite du mus\u00e9e Dunkerque 1940 et des plages o\u00f9 l&rsquo;\u00e9vacuation avait lieu. L&rsquo;apr\u00e8s-midi nous d\u00e9couvrions le fort des Dunes \u00e0 Leffrinckoucke, un site cl\u00e9 de la d\u00e9fense c\u00f4ti\u00e8re.<\/td>\n<\/tr>\n<\/tbody>\n<\/table>\n<p>&nbsp;<\/p>\n<table style=\"border-collapse: collapse; width: 90.1804%; height: 214px;\">\n<tbody>\n<tr>\n<td style=\"width: 39.0659%;\"><img loading=\"lazy\" decoding=\"async\" width=\"300\" height=\"150\" class=\"alignnone wp-image-75\" style=\"width: 380px; height: 250px; object-fit: cover;\" src=\"https:\/\/lpctour.fr\/2025\/td\/erwan\/wp-content\/uploads\/2025\/11\/Photo-musee-darromanches-300x150.jpg\" alt=\"\" srcset=\"https:\/\/lpctour.fr\/2025\/td\/erwan\/wp-content\/uploads\/2025\/11\/Photo-musee-darromanches-300x150.jpg 300w, https:\/\/lpctour.fr\/2025\/td\/erwan\/wp-content\/uploads\/2025\/11\/Photo-musee-darromanches-1024x512.jpg 1024w, https:\/\/lpctour.fr\/2025\/td\/erwan\/wp-content\/uploads\/2025\/11\/Photo-musee-darromanches-768x384.jpg 768w, https:\/\/lpctour.fr\/2025\/td\/erwan\/wp-content\/uploads\/2025\/11\/Photo-musee-darromanches-1536x768.jpg 1536w, https:\/\/lpctour.fr\/2025\/td\/erwan\/wp-content\/uploads\/2025\/11\/Photo-musee-darromanches-2048x1024.jpg 2048w\" sizes=\"auto, (max-width: 300px) 100vw, 300px\" \/><\/td>\n<td style=\"width: 60.9341%; vertical-align: top;\"><span style=\"font-size: 14pt;\">Programme : \u00ab\u00a0Plages du d\u00e9barquement de Normandie\u00a0\u00bb<\/span><\/p>\n<p>Cette journ\u00e9e riche en histoire d\u00e9butait au mus\u00e9e d&rsquo;Arromanches, afin de mieux comprendre le d\u00e9barquement suivie de la visite de la batterie allemande de Longues-sur-Mer. L&rsquo;apr\u00e8s-midi, ils rendaient hommage aux soldats du cimeti\u00e8re am\u00e9ricain de Colleville-sur-Mer, avant de visiter la pointe du Hoc, haut lieu des combats le jour J.<\/td>\n<\/tr>\n<\/tbody>\n<\/table>\n<p>&nbsp;<\/p>\n<h2 style=\"text-align: center;\"><strong><span style=\"font-size: 24pt;\">\u2013 Nos r\u00e9cents voyages \u00e0 l&rsquo;\u00e9tranger \u2013<\/span><\/strong><\/h2>\n<p>&nbsp;<\/p>\n<table style=\"border-collapse: collapse; width: 90.1804%; height: 224px;\">\n<tbody>\n<tr>\n<td style=\"width: 39.0659%;\"><img loading=\"lazy\" decoding=\"async\" width=\"300\" height=\"150\" class=\"alignnone wp-image-53\" style=\"width: 380px; height: 250px; object-fit: cover;\" src=\"https:\/\/lpctour.fr\/2025\/td\/erwan\/wp-content\/uploads\/2025\/11\/auschwitz-300x150.jpg\" alt=\"\" srcset=\"https:\/\/lpctour.fr\/2025\/td\/erwan\/wp-content\/uploads\/2025\/11\/auschwitz-300x150.jpg 300w, https:\/\/lpctour.fr\/2025\/td\/erwan\/wp-content\/uploads\/2025\/11\/auschwitz-768x384.jpg 768w, https:\/\/lpctour.fr\/2025\/td\/erwan\/wp-content\/uploads\/2025\/11\/auschwitz.jpg 960w\" sizes=\"auto, (max-width: 300px) 100vw, 300px\" \/><\/td>\n<td style=\"width: 60.9341%; vertical-align: top;\">Pologne : Cracovie et Auschwitz (4 jours):<\/p>\n<p>Jour 1: Arriv\u00e9e \u00e0 Cracovie, d\u00e9couverte de la vieille ville et du quartier juif de Kazimierz, visite de la Synagogue et du mus\u00e9e juif. Nuit\u00e9e \u00e0 Cracovie.<\/p>\n<p>Jour 2: Excursion \u00e0 Auschwitz-Birkenau (1h30 de route), visite guid\u00e9e des camps de concentration et d&rsquo;extermination. Retour \u00e0 Cracovie en soir\u00e9e pour une nuit\u00e9e.<\/p>\n<p>Jour 3: Histoire \u00e0 Cracovie. Visite du mus\u00e9e de l&rsquo;usine de Oskar Schindler, retra\u00e7ant la vie \u00e0 Cracovie sous l&rsquo;occupation. D\u00e9couverte du ghetto de Podgorze et du m\u00e9morial des h\u00e9ros du ghetto. Nuit\u00e9e \u00e0 Cracovie.<\/p>\n<p>Jour 4: Fin du s\u00e9jour. Matin\u00e9e libre pour une balade au ch\u00e2teau de Wamel. D\u00e9part.<\/td>\n<\/tr>\n<\/tbody>\n<\/table>\n<p>&nbsp;<\/p>\n<table style=\"border-collapse: collapse; width: 90.1804%; height: 224px;\">\n<tbody>\n<tr>\n<td style=\"width: 39.0659%;\"><img loading=\"lazy\" decoding=\"async\" class=\"wp-image-74 size-medium\" style=\"width: 380px; height: 250px; object-fit: cover;\" src=\"https:\/\/lpctour.fr\/2025\/td\/erwan\/wp-content\/uploads\/2025\/11\/Photo-du-Reichstag-300x161.jpg\" alt=\"\" width=\"300\" height=\"161\" srcset=\"https:\/\/lpctour.fr\/2025\/td\/erwan\/wp-content\/uploads\/2025\/11\/Photo-du-Reichstag-300x161.jpg 300w, https:\/\/lpctour.fr\/2025\/td\/erwan\/wp-content\/uploads\/2025\/11\/Photo-du-Reichstag-1024x551.jpg 1024w, https:\/\/lpctour.fr\/2025\/td\/erwan\/wp-content\/uploads\/2025\/11\/Photo-du-Reichstag-768x413.jpg 768w, https:\/\/lpctour.fr\/2025\/td\/erwan\/wp-content\/uploads\/2025\/11\/Photo-du-Reichstag-1536x826.jpg 1536w, https:\/\/lpctour.fr\/2025\/td\/erwan\/wp-content\/uploads\/2025\/11\/Photo-du-Reichstag.jpg 1938w\" sizes=\"auto, (max-width: 300px) 100vw, 300px\" \/><\/td>\n<td style=\"width: 60.9341%; vertical-align: top;\"><span style=\"font-size: 18.6667px;\">Allemagne : Berlin et Saschenshausen (4 jours): <\/span><\/p>\n<p>Jour 1: Arriv\u00e9e \u00e0 Berlin, visite du m\u00e9morial de l&rsquo;Holocauste, balade dans le quartier gouvernemental pour voir les vestiges du mur de Berlin. Nuit\u00e9e \u00e0 Berlin.<\/p>\n<p>Jour 2: Journ\u00e9e historique \u00e0 Berlin. Matin : Topographie de la Terreur, mus\u00e9e sur les crimes nazis. Apr\u00e8s-midi : d\u00e9couverte du site de l&rsquo;ancien Fuhrerbunker et des bunkers civils. Visite du Reischtag pour comprendre la chute du Reich. Nuit\u00e9e \u00e0 Berlin.<\/p>\n<p>Jour 3: Saschenheusen excursion d&rsquo;une journ\u00e9e au camp de concentration de Saschsenhausen (\u00e0 40 minutes de Berlin). Visite guid\u00e9e pour comprendre l&rsquo;histoire du camp et des victimes. Retour \u00e0 Berlin en soir\u00e9e, d\u00e9tente. Nuit\u00e9e \u00e0 Berlin.<\/p>\n<p>Jour 4: Temps libre pour explorer les mus\u00e9es ou les march\u00e9s locaux avant le d\u00e9part.<\/td>\n<\/tr>\n<\/tbody>\n<\/table>\n<p>&nbsp;<\/p>\n<table style=\"border-collapse: collapse; width: 90.1804%; height: 224px;\">\n<tbody>\n<tr>\n<td style=\"width: 39.0659%;\"><img loading=\"lazy\" decoding=\"async\" class=\"alignnone wp-image-79 size-medium\" style=\"width: 380px; height: 250px; object-fit: cover;\" src=\"https:\/\/lpctour.fr\/2025\/td\/erwan\/wp-content\/uploads\/2025\/11\/Photo_abbaye_Monte_Cassino-300x200.jpg\" alt=\"\" width=\"300\" height=\"200\" srcset=\"https:\/\/lpctour.fr\/2025\/td\/erwan\/wp-content\/uploads\/2025\/11\/Photo_abbaye_Monte_Cassino-300x200.jpg 300w, https:\/\/lpctour.fr\/2025\/td\/erwan\/wp-content\/uploads\/2025\/11\/Photo_abbaye_Monte_Cassino-1024x683.jpg 1024w, https:\/\/lpctour.fr\/2025\/td\/erwan\/wp-content\/uploads\/2025\/11\/Photo_abbaye_Monte_Cassino-768x512.jpg 768w, https:\/\/lpctour.fr\/2025\/td\/erwan\/wp-content\/uploads\/2025\/11\/Photo_abbaye_Monte_Cassino-1536x1024.jpg 1536w, https:\/\/lpctour.fr\/2025\/td\/erwan\/wp-content\/uploads\/2025\/11\/Photo_abbaye_Monte_Cassino.jpg 1920w\" sizes=\"auto, (max-width: 300px) 100vw, 300px\" \/><\/td>\n<td style=\"width: 60.9341%; vertical-align: top;\"><span style=\"font-size: 18.6667px;\">Italie : Campagne d&rsquo;Italie (5 jours):<\/span><\/p>\n<p>Jour 1: Arriv\u00e9e \u00e0 Rome. D\u00e9couverte du mus\u00e9e de la lib\u00e9ration de Rome. Promenade dans les quartiers ayant subi des combats. Nuit\u00e9e \u00e0 Rome<\/p>\n<p>Jour 2: Excursion \u00e0 Monte Cassino, site d&rsquo;une bataille majeure. Visite de l&rsquo;abbaye reconstruite et du cimeti\u00e8re Polonais. Retour \u00e0 Rome pour la nuit.<\/p>\n<p>Jour 3: Excursion aux plages d&rsquo;Anzio, lieu de d\u00e9barquement alli\u00e9. Visite du cimeti\u00e8re militaire am\u00e9ricain de Nettuno. Retour \u00e0 Rome pour la nuit.<\/p>\n<p>Jour 4: D\u00e9part pour Salerne. Visite du mus\u00e9e de la campagne d&rsquo;Italie et des plages du d\u00e9barquement. Nuit\u00e9e \u00e0 Salerne.<\/p>\n<p>Jour 5: Temps libre dans la r\u00e9gion avant le d\u00e9part.<\/td>\n<\/tr>\n<\/tbody>\n<\/table>\n<p>&nbsp;<\/p>\n<div style=\"display: flex; justify-content: center; align-items: center; margin: 40px 0px; text-align: center;\"><a style=\"display: flex; justify-content: center; align-items: center; width: 360px; height: 60px; background-color: transparent; color: #000000; text-decoration: none; font-size: 18px; font-weight: 600; font-family: Arial, sans-serif;\" href=\"https:\/\/lpctour.fr\/2025\/td\/erwan\/a-venir\/\"><br \/>\n<span style=\"font-size: 24pt;\">D\u00e9couvrir les voyages \u00e0 venir !<\/span><br \/>\n<\/a><\/div>\n<div><\/div>\n<div><\/div>\n<div><\/div>\n<div style=\"text-align: center;\">Voyages de M\u00e9moire, 10 rue Andr\u00e9 Pez\u00e9, 62410 Wingles, 0783148022<\/div>\n","protected":false},"excerpt":{"rendered":"<p>\u2013 Nos r\u00e9cents voyages \u00e0 la journ\u00e9e\u2013 &nbsp; Programme : \u00ab\u00a0Champs de bataille de la Somme\u00a0\u00bb Ce voyage nous a permis de revenir sur les lieux embl\u00e9matiques dans la Somme. La matin\u00e9e d\u00e9butait par une visite du M\u00e9morial de Thiepval, d\u00e9di\u00e9 aux disparus, suivie de l&rsquo;impressionnant Lochnagar Crater \u00e0 la Boiselle. Apr\u00e8s une pause d\u00e9jeuner, [&hellip;]<\/p>\n","protected":false},"author":1,"featured_media":0,"parent":0,"menu_order":1,"comment_status":"closed","ping_status":"closed","template":"","meta":{"footnotes":""},"class_list":["post-49","page","type-page","status-publish","hentry"],"_links":{"self":[{"href":"https:\/\/lpctour.fr\/2025\/td\/erwan\/wp-json\/wp\/v2\/pages\/49","targetHints":{"allow":["GET"]}}],"collection":[{"href":"https:\/\/lpctour.fr\/2025\/td\/erwan\/wp-json\/wp\/v2\/pages"}],"about":[{"href":"https:\/\/lpctour.fr\/2025\/td\/erwan\/wp-json\/wp\/v2\/types\/page"}],"author":[{"embeddable":true,"href":"https:\/\/lpctour.fr\/2025\/td\/erwan\/wp-json\/wp\/v2\/users\/1"}],"replies":[{"embeddable":true,"href":"https:\/\/lpctour.fr\/2025\/td\/erwan\/wp-json\/wp\/v2\/comments?post=49"}],"version-history":[{"count":42,"href":"https:\/\/lpctour.fr\/2025\/td\/erwan\/wp-json\/wp\/v2\/pages\/49\/revisions"}],"predecessor-version":[{"id":274,"href":"https:\/\/lpctour.fr\/2025\/td\/erwan\/wp-json\/wp\/v2\/pages\/49\/revisions\/274"}],"wp:attachment":[{"href":"https:\/\/lpctour.fr\/2025\/td\/erwan\/wp-json\/wp\/v2\/media?parent=49"}],"curies":[{"name":"wp","href":"https:\/\/api.w.org\/{rel}","templated":true}]}}