{"id":98,"date":"2025-11-28T11:40:40","date_gmt":"2025-11-28T10:40:40","guid":{"rendered":"https:\/\/lpctour.buchon.fr\/2025\/td\/erwan\/?page_id=98"},"modified":"2026-01-17T13:51:30","modified_gmt":"2026-01-17T12:51:30","slug":"avis-x-adhesion","status":"publish","type":"page","link":"https:\/\/lpctour.fr\/2025\/td\/erwan\/avis-x-adhesion\/","title":{"rendered":"Avis x Adh\u00e9sion"},"content":{"rendered":"<h2 style=\"text-align: center;\"><strong><span style=\"font-size: 24pt;\">\u2013 Les avis de nos adh\u00e9rents \u2013<\/span><\/strong><\/h2>\n<p>&nbsp;<\/p>\n<table style=\"height: 131px; width: 100%; border-collapse: collapse; border-style: double; border-color: #454545; background-color: #ffffff;\">\n<tbody>\n<tr style=\"height: 131px;\">\n<td style=\"width: 100%; height: 131px;\">\n<p style=\"text-align: center;\"><span style=\"font-size: 14pt;\">C\u00e9dric :<\/span><\/p>\n<p style=\"text-align: center;\"><em><span style=\"font-size: 14pt;\">\u00ab\u00a0Un s\u00e9jour exceptionnel pour les passionn\u00e9s d&rsquo;histoire ! Grace \u00e0 cette association, j&rsquo;ai pu d\u00e9couvrir des sites historiques majeurs. Une exp\u00e9rience enrichissante et immersive que je recommande \u00e0 tous les curieux d&rsquo;histoire !\u00a0\u00bb<\/span><\/em><\/p>\n<\/td>\n<\/tr>\n<\/tbody>\n<\/table>\n<p>&nbsp;<\/p>\n<table style=\"height: 131px; width: 100%; border-collapse: collapse; border-style: double; border-color: #454545; background-color: #ffffff;\">\n<tbody>\n<tr style=\"height: 131px;\">\n<td style=\"width: 994px; height: 131px;\">\n<p style=\"text-align: center;\"><span style=\"font-size: 14pt;\">Marine :<\/span><\/p>\n<p style=\"text-align: center;\"><em><span style=\"font-size: 14pt;\">\u00ab\u00a0Ce voyage en Pologne a \u00e9t\u00e9 une exp\u00e9rience profond\u00e9ment marquante. L&rsquo;organisation de l&rsquo;association nous a permis de d\u00e9couvrir ce pays charg\u00e9 d&rsquo;histoire avec respect et p\u00e9dagogie. Les explications \u00e9taient pr\u00e9cises et poignantes, rendant hommage aux victimes. Une visite qui nous rappelle l&rsquo;importance de devoir de m\u00e9moire\u00a0\u00bb<\/span><\/em><\/p>\n<\/td>\n<\/tr>\n<\/tbody>\n<\/table>\n<p>&nbsp;<\/p>\n<table style=\"height: 131px; width: 100%; border-collapse: collapse; border-style: double; border-color: #454545; background-color: #ffffff;\">\n<tbody>\n<tr style=\"height: 131px;\">\n<td style=\"width: 994px; height: 131px;\">\n<p style=\"text-align: center;\"><span style=\"font-size: 14pt;\">Germain :<\/span><\/p>\n<p style=\"text-align: center;\"><em><span style=\"font-size: 14pt;\">\u00ab\u00a0Mon dernier voyage avec l&rsquo;association a \u00e9t\u00e9 absolument incroyable. L&rsquo;organisation \u00e9tait parfaite, les visites passionnantes et l&rsquo;ambiance au sein du groupe chaleureuse et conviviale. J&rsquo;ai particuli\u00e8rement appr\u00e9ci\u00e9 la richesse des explications historiques, qui ont donn\u00e9 une toute nouvelle dimension aux lieux visit\u00e9s. Ce voyage m&rsquo;a profond\u00e9ment marqu\u00e9 et j&rsquo;ai h\u00e2te de repartir pour la prochaine destination ! Je sais que, comme toujours, l&rsquo;association saura nous proposer un programme captivant et une exp\u00e9rience inoubliable. Vivement le prochain d\u00e9part !\u00a0\u00bb<\/span><\/em><\/p>\n<\/td>\n<\/tr>\n<\/tbody>\n<\/table>\n<p>&nbsp;<\/p>\n<p>&nbsp;<\/p>\n<h2 style=\"text-align: center;\"><strong><span style=\"font-size: 24pt;\">\u2013 Vous souhaitez adh\u00e9rer \u00e0 notre association ? \u2013<\/span><\/strong><\/h2>\n<p>&nbsp;<\/p>\n<p style=\"text-align: left;\"><strong>Veuillez remplir le formulaire ci-dessous : Nous vous recontacterons dans les plus brefs d\u00e9lais.<\/strong><\/p>\n<p style=\"text-align: left;\">\n<div class=\"wpcf7 no-js\" id=\"wpcf7-f6-o1\" lang=\"fr-FR\" dir=\"ltr\" data-wpcf7-id=\"6\">\n<div class=\"screen-reader-response\"><p role=\"status\" aria-live=\"polite\" aria-atomic=\"true\"><\/p> <ul><\/ul><\/div>\n<form action=\"\/2025\/td\/erwan\/wp-json\/wp\/v2\/pages\/98#wpcf7-f6-o1\" method=\"post\" class=\"wpcf7-form init\" aria-label=\"Formulaire de contact\" novalidate=\"novalidate\" data-status=\"init\">\n<fieldset class=\"hidden-fields-container\"><input type=\"hidden\" name=\"_wpcf7\" value=\"6\" \/><input type=\"hidden\" name=\"_wpcf7_version\" value=\"6.1.3\" \/><input type=\"hidden\" name=\"_wpcf7_locale\" value=\"fr_FR\" \/><input type=\"hidden\" name=\"_wpcf7_unit_tag\" value=\"wpcf7-f6-o1\" \/><input type=\"hidden\" name=\"_wpcf7_container_post\" value=\"0\" \/><input type=\"hidden\" name=\"_wpcf7_posted_data_hash\" value=\"\" \/>\n<\/fieldset>\n<p><label> Votre nom<br \/>\n<span class=\"wpcf7-form-control-wrap\" data-name=\"your-name\"><input size=\"40\" maxlength=\"400\" class=\"wpcf7-form-control wpcf7-text wpcf7-validates-as-required\" autocomplete=\"name\" aria-required=\"true\" aria-invalid=\"false\" value=\"\" type=\"text\" name=\"your-name\" \/><\/span> <\/label>\n<\/p>\n<p><label> Votre e-mail<br \/>\n<span class=\"wpcf7-form-control-wrap\" data-name=\"your-email\"><input size=\"40\" maxlength=\"400\" class=\"wpcf7-form-control wpcf7-email wpcf7-validates-as-required wpcf7-text wpcf7-validates-as-email\" autocomplete=\"email\" aria-required=\"true\" aria-invalid=\"false\" value=\"\" type=\"email\" name=\"your-email\" \/><\/span> <\/label>\n<\/p>\n<p><label> Objet<br \/>\n<span class=\"wpcf7-form-control-wrap\" data-name=\"your-subject\"><input size=\"40\" maxlength=\"400\" class=\"wpcf7-form-control wpcf7-text wpcf7-validates-as-required\" aria-required=\"true\" aria-invalid=\"false\" value=\"\" type=\"text\" name=\"your-subject\" \/><\/span> <\/label>\n<\/p>\n<p><label> Votre message (facultatif)<br \/>\n<span class=\"wpcf7-form-control-wrap\" data-name=\"your-message\"><textarea cols=\"40\" rows=\"10\" maxlength=\"2000\" class=\"wpcf7-form-control wpcf7-textarea\" aria-invalid=\"false\" name=\"your-message\"><\/textarea><\/span> <\/label>\n<\/p>\n<p><input class=\"wpcf7-form-control wpcf7-submit has-spinner\" type=\"submit\" value=\"Envoyer\" \/>\n<\/p><p style=\"display: none !important;\"><label>&#916;<textarea name=\"_wpcf7_ak_hp_textarea\" cols=\"45\" rows=\"8\" maxlength=\"100\"><\/textarea><\/label><input type=\"hidden\" id=\"ak_js_1\" name=\"_wpcf7_ak_js\" value=\"171\"\/><script>document.getElementById( \"ak_js_1\" ).setAttribute( \"value\", ( new Date() ).getTime() );<\/script><\/p><div class=\"wpcf7-response-output\" aria-hidden=\"true\"><\/div>\n<\/form>\n<\/div>\n<\/p>\n<p>&nbsp;<\/p>\n<h2 style=\"text-align: center;\"><strong><span style=\"font-size: 24pt;\">Nous vous remercions pour votre confiance.<\/span><\/strong><\/h2>\n<p>&nbsp;<\/p>\n<p>&nbsp;<\/p>\n<p style=\"text-align: center;\">Voyages de M\u00e9moire, 10 rue Andr\u00e9 Pez\u00e9, 62410 Wingles, 0783148022<\/p>\n<p>&nbsp;<\/p>\n","protected":false},"excerpt":{"rendered":"<p>\u2013 Les avis de nos adh\u00e9rents \u2013 &nbsp; C\u00e9dric : \u00ab\u00a0Un s\u00e9jour exceptionnel pour les passionn\u00e9s d&rsquo;histoire ! Grace \u00e0 cette association, j&rsquo;ai pu d\u00e9couvrir des sites historiques majeurs. Une exp\u00e9rience enrichissante et immersive que je recommande \u00e0 tous les curieux d&rsquo;histoire !\u00a0\u00bb &nbsp; Marine : \u00ab\u00a0Ce voyage en Pologne a \u00e9t\u00e9 une exp\u00e9rience profond\u00e9ment [&hellip;]<\/p>\n","protected":false},"author":1,"featured_media":0,"parent":0,"menu_order":2,"comment_status":"closed","ping_status":"closed","template":"","meta":{"footnotes":""},"class_list":["post-98","page","type-page","status-publish","hentry"],"_links":{"self":[{"href":"https:\/\/lpctour.fr\/2025\/td\/erwan\/wp-json\/wp\/v2\/pages\/98","targetHints":{"allow":["GET"]}}],"collection":[{"href":"https:\/\/lpctour.fr\/2025\/td\/erwan\/wp-json\/wp\/v2\/pages"}],"about":[{"href":"https:\/\/lpctour.fr\/2025\/td\/erwan\/wp-json\/wp\/v2\/types\/page"}],"author":[{"embeddable":true,"href":"https:\/\/lpctour.fr\/2025\/td\/erwan\/wp-json\/wp\/v2\/users\/1"}],"replies":[{"embeddable":true,"href":"https:\/\/lpctour.fr\/2025\/td\/erwan\/wp-json\/wp\/v2\/comments?post=98"}],"version-history":[{"count":13,"href":"https:\/\/lpctour.fr\/2025\/td\/erwan\/wp-json\/wp\/v2\/pages\/98\/revisions"}],"predecessor-version":[{"id":272,"href":"https:\/\/lpctour.fr\/2025\/td\/erwan\/wp-json\/wp\/v2\/pages\/98\/revisions\/272"}],"wp:attachment":[{"href":"https:\/\/lpctour.fr\/2025\/td\/erwan\/wp-json\/wp\/v2\/media?parent=98"}],"curies":[{"name":"wp","href":"https:\/\/api.w.org\/{rel}","templated":true}]}}