{"id":63,"date":"2026-01-09T11:29:35","date_gmt":"2026-01-09T10:29:35","guid":{"rendered":"https:\/\/lpctour.fr\/2025\/td\/rosalie\/?page_id=63"},"modified":"2026-01-29T22:03:20","modified_gmt":"2026-01-29T21:03:20","slug":"evenements","status":"publish","type":"page","link":"https:\/\/lpctour.fr\/2025\/td\/rosalie\/evenements\/","title":{"rendered":"\u00c9v\u00e9nements"},"content":{"rendered":"<h2 data-start=\"162\" data-end=\"198\"><strong><span style=\"font-size: 24pt;\">\ud83d\udcc5 Agenda des \u00e9v\u00e9nements \u00e0 Colmar<\/span><\/strong><\/h2>\n<h3 data-start=\"200\" data-end=\"221\"><span style=\"color: #ff0000;\"><strong>Janvier \u2013 F\u00e9vrier<\/strong><\/span><\/h3>\n<ul data-start=\"222\" data-end=\"446\">\n<li data-start=\"222\" data-end=\"312\">\n<p data-start=\"224\" data-end=\"312\"><strong data-start=\"224\" data-end=\"249\">Animations hivernales<\/strong> : concerts, expositions et \u00e9v\u00e9nements culturels en int\u00e9rieur<\/p>\n<\/li>\n<li data-start=\"313\" data-end=\"446\">\n<p data-start=\"315\" data-end=\"446\"><strong data-start=\"315\" data-end=\"333\">Soldes d\u2019hiver<\/strong> : animations commerciales dans le centre-ville<br data-start=\"380\" data-end=\"383\" \/>\ud83d\udc49 P\u00e9riode plus calme, id\u00e9ale pour d\u00e9couvrir Colmar hors saison<\/p>\n<\/li>\n<\/ul>\n<h3 data-start=\"453\" data-end=\"461\"><strong><span style=\"color: #ff0000;\">Mars<\/span><\/strong><\/h3>\n<ul data-start=\"462\" data-end=\"585\">\n<li data-start=\"462\" data-end=\"519\">\n<p data-start=\"464\" data-end=\"519\"><strong data-start=\"464\" data-end=\"491\">Expositions temporaires<\/strong> dans les mus\u00e9es de Colmar<\/p>\n<\/li>\n<li data-start=\"520\" data-end=\"585\">\n<p data-start=\"522\" data-end=\"585\"><strong data-start=\"522\" data-end=\"553\">\u00c9v\u00e9nements culturels locaux<\/strong> (th\u00e9\u00e2tre, musique, conf\u00e9rences)<\/p>\n<\/li>\n<\/ul>\n<h3 data-start=\"592\" data-end=\"601\"><span style=\"color: #ff0000;\"><strong>Avril<\/strong><\/span><\/h3>\n<ul data-start=\"602\" data-end=\"793\">\n<li data-start=\"602\" data-end=\"793\">\n<p data-start=\"604\" data-end=\"793\"><strong data-start=\"604\" data-end=\"623\">P\u00e2ques \u00e0 Colmar<\/strong> \ud83c\udf38<br data-start=\"626\" data-end=\"629\" \/>March\u00e9s de P\u00e2ques, d\u00e9corations florales, animations pour enfants et artisans locaux dans le centre historique<br data-start=\"740\" data-end=\"743\" \/>\ud83d\udc49 Un des \u00e9v\u00e9nements majeurs du printemps \u00e0 Colmar<\/p>\n<\/li>\n<\/ul>\n<h3 data-start=\"800\" data-end=\"807\"><strong><span style=\"color: #ff0000;\">Mai<\/span><\/strong><\/h3>\n<ul data-start=\"808\" data-end=\"965\">\n<li data-start=\"808\" data-end=\"874\">\n<p data-start=\"810\" data-end=\"874\"><strong data-start=\"810\" data-end=\"841\">Manifestations en plein air<\/strong> avec le retour des beaux jours<\/p>\n<\/li>\n<li data-start=\"875\" data-end=\"915\">\n<p data-start=\"877\" data-end=\"915\"><strong data-start=\"877\" data-end=\"913\">\u00c9v\u00e9nements sportifs et culturels<\/strong><\/p>\n<\/li>\n<li data-start=\"916\" data-end=\"965\">\n<p data-start=\"918\" data-end=\"965\">Animations autour de la nature et du patrimoine<\/p>\n<\/li>\n<\/ul>\n<h3 data-start=\"972\" data-end=\"980\"><span style=\"color: #ff0000;\"><strong>Juin<\/strong><\/span><\/h3>\n<ul data-start=\"981\" data-end=\"1124\">\n<li data-start=\"981\" data-end=\"1062\">\n<p data-start=\"983\" data-end=\"1062\"><strong data-start=\"983\" data-end=\"1005\">F\u00eate de la musique<\/strong> \ud83c\udfb6 (21 juin)<br data-start=\"1018\" data-end=\"1021\" \/>Concerts gratuits dans toute la ville<\/p>\n<\/li>\n<li data-start=\"1063\" data-end=\"1124\">\n<p data-start=\"1065\" data-end=\"1124\">D\u00e9but des <strong data-start=\"1075\" data-end=\"1099\">animations estivales<\/strong> et concerts en plein air<\/p>\n<\/li>\n<\/ul>\n<h3 data-start=\"1131\" data-end=\"1142\"><span style=\"color: #ff0000;\"><strong>Juillet<\/strong><\/span><\/h3>\n<ul data-start=\"1143\" data-end=\"1319\">\n<li data-start=\"1143\" data-end=\"1247\">\n<p data-start=\"1145\" data-end=\"1247\"><strong data-start=\"1145\" data-end=\"1181\">Festival International de Colmar<\/strong> \ud83c\udfbb<br data-start=\"1184\" data-end=\"1187\" \/>Festival de musique classique de renomm\u00e9e internationale<\/p>\n<\/li>\n<li data-start=\"1248\" data-end=\"1319\">\n<p data-start=\"1250\" data-end=\"1319\"><strong data-start=\"1250\" data-end=\"1282\">Concerts et spectacles d\u2019\u00e9t\u00e9<\/strong> dans les parcs et places de la ville<\/p>\n<\/li>\n<\/ul>\n<h3 data-start=\"1326\" data-end=\"1334\"><span style=\"color: #ff0000;\"><strong>Ao\u00fbt<\/strong><\/span><\/h3>\n<ul data-start=\"1335\" data-end=\"1460\">\n<li data-start=\"1335\" data-end=\"1405\">\n<p data-start=\"1337\" data-end=\"1405\"><strong data-start=\"1337\" data-end=\"1361\">Animations estivales<\/strong> : concerts, march\u00e9s, \u00e9v\u00e9nements familiaux<\/p>\n<\/li>\n<li data-start=\"1406\" data-end=\"1460\">\n<p data-start=\"1408\" data-end=\"1460\">Ambiance touristique et festive dans le centre-ville<\/p>\n<\/li>\n<\/ul>\n<h3 data-start=\"1467\" data-end=\"1480\"><strong><span style=\"color: #ff0000;\">Septembre<\/span><\/strong><\/h3>\n<ul data-start=\"1481\" data-end=\"1618\">\n<li data-start=\"1481\" data-end=\"1564\">\n<p data-start=\"1483\" data-end=\"1564\"><strong data-start=\"1483\" data-end=\"1506\">F\u00eates des vendanges<\/strong> \ud83c\udf47<br data-start=\"1509\" data-end=\"1512\" \/>C\u00e9l\u00e9bration du vin et des traditions alsaciennes<\/p>\n<\/li>\n<li data-start=\"1565\" data-end=\"1618\">\n<p data-start=\"1567\" data-end=\"1618\">\u00c9v\u00e9nements autour de la <strong data-start=\"1591\" data-end=\"1618\">Route des Vins d\u2019Alsace<\/strong><\/p>\n<\/li>\n<\/ul>\n<h3 data-start=\"1625\" data-end=\"1636\"><span style=\"color: #ff0000;\"><strong>Octobre<\/strong><\/span><\/h3>\n<ul data-start=\"1637\" data-end=\"1729\">\n<li data-start=\"1637\" data-end=\"1683\">\n<p data-start=\"1639\" data-end=\"1683\"><strong data-start=\"1639\" data-end=\"1668\">\u00c9v\u00e9nements gastronomiques<\/strong> et culturels<\/p>\n<\/li>\n<li data-start=\"1684\" data-end=\"1729\">\n<p data-start=\"1686\" data-end=\"1729\">Expositions d\u2019automne et animations locales<\/p>\n<\/li>\n<\/ul>\n<h3 data-start=\"1736\" data-end=\"1748\"><span style=\"color: #ff0000;\"><strong>Novembre<\/strong><\/span><\/h3>\n<ul data-start=\"1749\" data-end=\"1867\">\n<li data-start=\"1749\" data-end=\"1807\">\n<p data-start=\"1751\" data-end=\"1807\"><strong data-start=\"1751\" data-end=\"1774\">Pr\u00e9paratifs de No\u00ebl<\/strong> : d\u00e9corations et illuminations<\/p>\n<\/li>\n<li data-start=\"1808\" data-end=\"1867\">\n<p data-start=\"1810\" data-end=\"1867\">Premi\u00e8res animations hivernales dans le centre historique<\/p>\n<\/li>\n<\/ul>\n<h3 data-start=\"1874\" data-end=\"1886\"><span style=\"color: #ff0000;\"><strong>D\u00e9cembre<\/strong><\/span><\/h3>\n<ul data-start=\"1887\" data-end=\"2068\">\n<li data-start=\"1887\" data-end=\"2004\">\n<p data-start=\"1889\" data-end=\"2004\"><strong data-start=\"1889\" data-end=\"1918\">March\u00e9s de No\u00ebl de Colmar<\/strong> \ud83c\udf84<br data-start=\"1921\" data-end=\"1924\" \/>L\u2019un des \u00e9v\u00e9nements les plus c\u00e9l\u00e8bres d\u2019Alsace, r\u00e9parti sur plusieurs places<\/p>\n<\/li>\n<li data-start=\"2005\" data-end=\"2068\">\n<p data-start=\"2007\" data-end=\"2068\">Concerts, animations et ambiance f\u00e9erique dans toute la ville<\/p>\n<\/li>\n<\/ul>\n<h3 data-start=\"2075\" data-end=\"2132\"><span style=\"font-size: 18pt;\"><strong>Pourquoi consulter l\u2019agenda des \u00e9v\u00e9nements \u00e0 Colmar ?<\/strong><\/span><\/h3>\n<p data-start=\"2134\" data-end=\"2369\">Gr\u00e2ce \u00e0 son <strong data-start=\"2146\" data-end=\"2171\">agenda riche et vari\u00e9<\/strong>, Colmar est une destination anim\u00e9e toute l\u2019ann\u00e9e. Festivals, march\u00e9s traditionnels, \u00e9v\u00e9nements culturels et animations saisonni\u00e8res offrent aux visiteurs une exp\u00e9rience diff\u00e9rente \u00e0 chaque p\u00e9riode.<\/p>\n","protected":false},"excerpt":{"rendered":"<p>\ud83d\udcc5 Agenda des \u00e9v\u00e9nements \u00e0 Colmar Janvier \u2013 F\u00e9vrier Animations hivernales : concerts, expositions et \u00e9v\u00e9nements culturels en int\u00e9rieur Soldes d\u2019hiver : animations commerciales dans le centre-ville\ud83d\udc49 P\u00e9riode plus calme, id\u00e9ale pour d\u00e9couvrir Colmar hors saison Mars Expositions temporaires dans les mus\u00e9es de Colmar \u00c9v\u00e9nements culturels locaux (th\u00e9\u00e2tre, musique, conf\u00e9rences) Avril P\u00e2ques \u00e0 Colmar \ud83c\udf38March\u00e9s &hellip; <\/p>\n<p class=\"link-more\"><a href=\"https:\/\/lpctour.fr\/2025\/td\/rosalie\/evenements\/\" class=\"more-link\">Continuer la lecture<span class=\"screen-reader-text\"> de &laquo;&nbsp;\u00c9v\u00e9nements&nbsp;&raquo;<\/span><\/a><\/p>\n","protected":false},"author":1,"featured_media":0,"parent":0,"menu_order":0,"comment_status":"closed","ping_status":"closed","template":"","meta":{"footnotes":""},"class_list":["post-63","page","type-page","status-publish","hentry"],"_links":{"self":[{"href":"https:\/\/lpctour.fr\/2025\/td\/rosalie\/wp-json\/wp\/v2\/pages\/63","targetHints":{"allow":["GET"]}}],"collection":[{"href":"https:\/\/lpctour.fr\/2025\/td\/rosalie\/wp-json\/wp\/v2\/pages"}],"about":[{"href":"https:\/\/lpctour.fr\/2025\/td\/rosalie\/wp-json\/wp\/v2\/types\/page"}],"author":[{"embeddable":true,"href":"https:\/\/lpctour.fr\/2025\/td\/rosalie\/wp-json\/wp\/v2\/users\/1"}],"replies":[{"embeddable":true,"href":"https:\/\/lpctour.fr\/2025\/td\/rosalie\/wp-json\/wp\/v2\/comments?post=63"}],"version-history":[{"count":3,"href":"https:\/\/lpctour.fr\/2025\/td\/rosalie\/wp-json\/wp\/v2\/pages\/63\/revisions"}],"predecessor-version":[{"id":97,"href":"https:\/\/lpctour.fr\/2025\/td\/rosalie\/wp-json\/wp\/v2\/pages\/63\/revisions\/97"}],"wp:attachment":[{"href":"https:\/\/lpctour.fr\/2025\/td\/rosalie\/wp-json\/wp\/v2\/media?parent=63"}],"curies":[{"name":"wp","href":"https:\/\/api.w.org\/{rel}","templated":true}]}}