{"id":112,"date":"2025-10-24T11:01:34","date_gmt":"2025-10-24T09:01:34","guid":{"rendered":"https:\/\/lpctour.fr\/2025\/tp\/sephora\/?page_id=112"},"modified":"2025-10-24T12:19:21","modified_gmt":"2025-10-24T10:19:21","slug":"restauration","status":"publish","type":"page","link":"https:\/\/lpctour.fr\/2025\/tp\/sephora\/restauration\/","title":{"rendered":"Restauration"},"content":{"rendered":"<header class=\"entry-header\">\n<h1 class=\"entry-title\">Restauration<\/h1>\n<\/header>\n<div class=\"entry-content\">\n<div id=\"bwg_container1_0\" class=\"bwg_container bwg_thumbnail bwg_slideshow \" data-right-click-protection=\"0\" data-bwg=\"0\" data-scroll=\"0\" data-gallery-type=\"slideshow\" data-gallery-view-type=\"slideshow\" data-current-url=\"\/2023\/hotel\/restauration\/\" data-lightbox-url=\"https:\/\/lpctour.fr\/2023\/hotel\/wp-admin\/admin-ajax.php?action=GalleryBox&amp;current_view=0&amp;gallery_id=2&amp;tag=0&amp;theme_id=1&amp;shortcode_id=6&amp;sort_by=order&amp;order_by=asc&amp;current_url=%2F2023%2Fhotel%2Frestauration%2F\" data-gallery-id=\"2\" data-popup-width=\"800\" data-popup-height=\"500\" data-is-album=\"gallery\" data-buttons-position=\"bottom\">\n<div id=\"bwg_container2_0\">\n<div id=\"ajax_loading_0\" class=\"bwg_loading_div_1 bwg-hidden\">\n<div class=\"bwg_loading_div_2\">\n<div class=\"bwg_loading_div_3\">\n<div id=\"loading_div_0\" class=\"bwg_spider_ajax_loading\"><img loading=\"lazy\" decoding=\"async\" class=\"alignnone size-medium wp-image-53\" src=\"https:\/\/lpctour.fr\/2025\/tp\/sephora\/wp-content\/uploads\/2025\/10\/La-Rozelle-jardin-dhiver-buffet-du-petit_dejeuner_11-300x200.jpg\" alt=\"\" width=\"300\" height=\"200\" srcset=\"https:\/\/lpctour.fr\/2025\/tp\/sephora\/wp-content\/uploads\/2025\/10\/La-Rozelle-jardin-dhiver-buffet-du-petit_dejeuner_11-300x200.jpg 300w, https:\/\/lpctour.fr\/2025\/tp\/sephora\/wp-content\/uploads\/2025\/10\/La-Rozelle-jardin-dhiver-buffet-du-petit_dejeuner_11.jpg 700w\" sizes=\"auto, (max-width: 300px) 100vw, 300px\" \/><img loading=\"lazy\" decoding=\"async\" class=\"alignnone size-medium wp-image-54\" src=\"https:\/\/lpctour.fr\/2025\/tp\/sephora\/wp-content\/uploads\/2025\/10\/La-Rozelle-jardin-dhiver-petit_dejeuner_04-198x300.jpg\" alt=\"\" width=\"198\" height=\"300\" srcset=\"https:\/\/lpctour.fr\/2025\/tp\/sephora\/wp-content\/uploads\/2025\/10\/La-Rozelle-jardin-dhiver-petit_dejeuner_04-198x300.jpg 198w, https:\/\/lpctour.fr\/2025\/tp\/sephora\/wp-content\/uploads\/2025\/10\/La-Rozelle-jardin-dhiver-petit_dejeuner_04.jpg 463w\" sizes=\"auto, (max-width: 198px) 100vw, 198px\" \/><img loading=\"lazy\" decoding=\"async\" class=\"alignnone size-medium wp-image-55\" src=\"https:\/\/lpctour.fr\/2025\/tp\/sephora\/wp-content\/uploads\/2025\/10\/La-Rozelle-jardin-dhiver-petit_dejeuner_08-300x198.jpg\" alt=\"\" width=\"300\" height=\"198\" srcset=\"https:\/\/lpctour.fr\/2025\/tp\/sephora\/wp-content\/uploads\/2025\/10\/La-Rozelle-jardin-dhiver-petit_dejeuner_08-300x198.jpg 300w, https:\/\/lpctour.fr\/2025\/tp\/sephora\/wp-content\/uploads\/2025\/10\/La-Rozelle-jardin-dhiver-petit_dejeuner_08.jpg 700w\" sizes=\"auto, (max-width: 300px) 100vw, 300px\" \/><\/div>\n<\/div>\n<\/div>\n<\/div>\n<form id=\"gal_front_form_0\" class=\"\" action=\"https:\/\/lpctour.fr\/2023\/hotel\/restauration\/#\" method=\"post\" data-current=\"0\" data-shortcode-id=\"6\" data-gallery-type=\"slideshow\" data-gallery-id=\"2\" data-tag=\"0\" data-album-id=\"0\" data-theme-id=\"1\" data-ajax-url=\"https:\/\/lpctour.fr\/2023\/hotel\/wp-admin\/admin-ajax.php?action=bwg_frontend_data\">\n<div id=\"bwg_container3_0\" class=\"bwg-background bwg-background-0\">\n<div class=\"bwg_slideshow_image_wrap_0 bwg-slideshow-images-wrapper bwg-container\" data-bwg=\"0\" data-lightbox-url=\"https:\/\/lpctour.fr\/2023\/hotel\/wp-admin\/admin-ajax.php?action=GalleryBox&amp;current_view=0&amp;gallery_id=2&amp;tag=0&amp;theme_id=1&amp;shortcode_id=6&amp;sort_by=order&amp;order_by=asc&amp;current_url=%2F2023%2Fhotel%2Frestauration%2F\">\n<div class=\"bwg_slideshow_dots_container_0\">\n<div class=\"bwg_slideshow_dots_thumbnails_0\">&nbsp;<\/div>\n<\/div>\n<div id=\"bwg_slideshow_image_container_0\" class=\"bwg_slideshow_image_container_0\" data-params=\"{&quot;bwg_source&quot;:&quot;slider&quot;,&quot;bwg_current_key&quot;:&quot;&quot;,&quot;bwg_transition_duration&quot;:100,&quot;bwg_trans_in_progress&quot;:false,&quot;data&quot;:[{&quot;id&quot;:&quot;34&quot;,&quot;alt&quot;:&quot;buffet du petit dejeuner&quot;,&quot;description&quot;:&quot;Author: Gilles Galas&amp;lt;br \\\/&amp;gt;Aperture: 10&amp;lt;br \\\/&amp;gt;Camera: Canon EOS 5D Mark III&amp;lt;br \\\/&amp;gt;Iso: 400&amp;lt;br \\\/&amp;gt;Copyright: Gilles Galas&amp;lt;br \\\/&amp;gt;Orientation: 1&amp;lt;br \\\/&amp;gt;&quot;,&quot;filetype&quot;:&quot;jpg&quot;,&quot;filename&quot;:&quot;La-Rozelle-jardin-dhiver-buffet-du-petit_dejeuner_11&quot;,&quot;image_url&quot;:&quot;\\\/imported_from_media_libray\\\/La-Rozelle-jardin-dhiver-buffet-du-petit_dejeuner_11.jpg?bwg=1697121929&quot;,&quot;thumb_url&quot;:&quot;\\\/imported_from_media_libray\\\/thumb\\\/La-Rozelle-jardin-dhiver-buffet-du-petit_dejeuner_11.jpg?bwg=1697121929&quot;,&quot;redirect_url&quot;:&quot;&quot;,&quot;date&quot;:&quot;2023-10-12 14:30:01&quot;,&quot;is_embed&quot;:false,&quot;is_embed_video&quot;:false,&quot;image_width&quot;:&quot;700&quot;,&quot;image_height&quot;:&quot;467&quot;,&quot;thumb_width&quot;:&quot;500.00&quot;,&quot;thumb_height&quot;:&quot;334.00&quot;},{&quot;id&quot;:&quot;35&quot;,&quot;alt&quot;:&quot;jardin d'hiver petit dejeuner&quot;,&quot;description&quot;:&quot;Author: Gilles Galas&amp;lt;br \\\/&amp;gt;Aperture: 10&amp;lt;br \\\/&amp;gt;Camera: Canon EOS 5D Mark III&amp;lt;br \\\/&amp;gt;Iso: 400&amp;lt;br \\\/&amp;gt;Copyright: Gilles Galas&amp;lt;br \\\/&amp;gt;Orientation: 1&amp;lt;br \\\/&amp;gt;&quot;,&quot;filetype&quot;:&quot;jpg&quot;,&quot;filename&quot;:&quot;La-Rozelle-jardin-dhiver-petit_dejeuner_04&quot;,&quot;image_url&quot;:&quot;\\\/imported_from_media_libray\\\/La-Rozelle-jardin-dhiver-petit_dejeuner_04.jpg?bwg=1697121929&quot;,&quot;thumb_url&quot;:&quot;\\\/imported_from_media_libray\\\/thumb\\\/La-Rozelle-jardin-dhiver-petit_dejeuner_04.jpg?bwg=1697121929&quot;,&quot;redirect_url&quot;:&quot;&quot;,&quot;date&quot;:&quot;2023-10-12 14:30:01&quot;,&quot;is_embed&quot;:false,&quot;is_embed_video&quot;:false,&quot;image_width&quot;:&quot;463&quot;,&quot;image_height&quot;:&quot;700&quot;,&quot;thumb_width&quot;:&quot;331.00&quot;,&quot;thumb_height&quot;:&quot;500.00&quot;},{&quot;id&quot;:&quot;47&quot;,&quot;alt&quot;:&quot;jardin d'hiver petit dejeuner&quot;,&quot;description&quot;:&quot;Orientation: 1&amp;lt;br \\\/&amp;gt;&quot;,&quot;filetype&quot;:&quot;jpg&quot;,&quot;filename&quot;:&quot;La-Rozelle-jardin-dhiver-petit_dejeuner_08&quot;,&quot;image_url&quot;:&quot;\\\/imported_from_media_libray\\\/La-Rozelle-jardin-dhiver-petit_dejeuner_08.jpg?bwg=1697121929&quot;,&quot;thumb_url&quot;:&quot;\\\/imported_from_media_libray\\\/thumb\\\/La-Rozelle-jardin-dhiver-petit_dejeuner_08.jpg?bwg=1697121929&quot;,&quot;redirect_url&quot;:&quot;&quot;,&quot;date&quot;:&quot;2023-10-12 14:29:58&quot;,&quot;is_embed&quot;:false,&quot;is_embed_video&quot;:false,&quot;image_width&quot;:&quot;700&quot;,&quot;image_height&quot;:&quot;463&quot;,&quot;thumb_width&quot;:&quot;500.00&quot;,&quot;thumb_height&quot;:&quot;331.00&quot;}],&quot;width_or_height&quot;:&quot;width&quot;,&quot;filmstrip_thumb_margin_hor&quot;:2,&quot;left_or_top&quot;:&quot;left&quot;,&quot;outerWidth_or_outerHeight&quot;:&quot;outerWidth&quot;,&quot;enable_slideshow_shuffle&quot;:&quot;0&quot;,&quot;lightbox_filmstrip_thumb_border_width&quot;:&quot;1&quot;,&quot;thumb_click_action&quot;:&quot;open_lightbox&quot;,&quot;thumb_link_target&quot;:&quot;1&quot;,&quot;upload_url&quot;:&quot;https:\\\/\\\/lpctour.fr\\\/2023\\\/hotel\\\/wp-content\\\/uploads\\\/photo-gallery&quot;,&quot;preload_images&quot;:1,&quot;slideshow_effect&quot;:&quot;fade&quot;,&quot;event_stack&quot;:&quot;&quot;,&quot;preload_images_count&quot;:10,&quot;image_width&quot;:&quot;800&quot;,&quot;image_height&quot;:&quot;500&quot;,&quot;thumb_width&quot;:250,&quot;thumb_height&quot;:140,&quot;filmstrip_direction&quot;:&quot;horizontal&quot;,&quot;slideshow_filmstrip_type&quot;:&quot;0&quot;,&quot;slideshow_thumbnails_count&quot;:&quot;5&quot;,&quot;slideshow_filmstrip_width&quot;:0,&quot;slideshow_filmstrip_height&quot;:0,&quot;slideshow_filmstrip_rl_btn_size&quot;:&quot;20&quot;,&quot;slideshow_play_pause_btn_size&quot;:&quot;35&quot;,&quot;watermark_type&quot;:90,&quot;watermark_height&quot;:90,&quot;watermark_font_size&quot;:12,&quot;slideshow_title_font_size&quot;:&quot;16&quot;,&quot;slideshow_description_font_size&quot;:&quot;14&quot;,&quot;bwg_playInterval&quot;:&quot;&quot;,&quot;slideshow_interval&quot;:5,&quot;image_right_click&quot;:0,&quot;enable_slideshow_autoplay&quot;:&quot;1&quot;,&quot;enable_slideshow_music&quot;:&quot;0&quot;,&quot;bwg_current_filmstrip_pos&quot;:0}\" data-filmstrip-position=\"bottom\" data-filmstrip-size=\"0\">\n<div class=\"bwg_slide_container_0\">\n<div class=\"bwg_slide_bg_0\">\n<div class=\"bwg_slider_0\">&nbsp;<\/div>\n<\/div>\n<\/div>\n<\/div>\n<\/div>\n<\/div>\n<\/form>\n<\/div>\n<\/div>\n<p><strong>Le restaurant est ouvert tous les soirs sauf le mercredi, du 7 avril au 4 novembre 2023. Possibilit\u00e9 d\u2019ouverture hors saison pour les groupes.<\/strong><\/p>\n<p>&nbsp;<\/p>\n<p>La capacit\u00e9 est volontairement limit\u00e9e pour gage de qualit\u00e9. R\u00e9servez votre table&nbsp;<strong>exclusivement et obligatoirement<\/strong>&nbsp;<strong>&nbsp;en avance, aupr\u00e8s de la r\u00e9ception du ch\u00e2teau au 02.54.70.58.40.<\/strong><\/p>\n<p>La restauration du ch\u00e2teau de La Rozelle privil\u00e9gie la cuisine traditionnelle fran\u00e7aise (aucun plat v\u00e9g\u00e9tarien, ni vegan).<\/p>\n<p>Le chef vous propose exclusivement des plats \u00ab fait maison \u00bb, \u00e0 partir de produits de saison, alliant simplicit\u00e9 et respect des saveurs.<\/p>\n<p>La configuration du ch\u00e2teau se pr\u00eate particuli\u00e8rement \u00e0 une privatisation pour tout \u00e9v\u00e8nement professionnel ou familial. Des r\u00e9ceptions priv\u00e9es peuvent \u00eatre organis\u00e9es jusqu\u2019\u00e0 40 personnes (menus sp\u00e9cifiques pour r\u00e9ceptions familiales, s\u00e9minaires, repas d\u2019entreprises).<\/p>\n<p>Le chef apportera en cours de saison des \u00e9volutions aux suggestions ci dessous&nbsp;(indicatives et non contractuelles).<\/p>\n<table>\n<tbody>\n<tr>\n<td><img loading=\"lazy\" decoding=\"async\" class=\"alignnone wp-image-2726 aligncenter\" src=\"http:\/\/www.chateaudelarozelle.com\/wp-content\/uploads\/2014\/08\/icone-menu.png\" sizes=\"auto, (max-width: 60px) 100vw, 60px\" srcset=\"https:\/\/www.chateaudelarozelle.com\/wp-content\/uploads\/2014\/08\/icone-menu.png 150w, https:\/\/www.chateaudelarozelle.com\/wp-content\/uploads\/2014\/08\/icone-menu-1x1.png 1w\" alt=\"icone-menu\" width=\"60\" height=\"63\"><strong>Diner Tradition \u2013 34 \u20ac<\/strong><\/td>\n<\/tr>\n<tr>\n<td><strong>Entr\u00e9e \u2013 Plat \u2013 Dessert<\/strong><\/p>\n<p><strong>&nbsp;<\/strong>Suppl\u00e9ment assiette de 3 fromages&nbsp;: 4 \u20ac<\/p>\n<p>A la carte : Entr\u00e9e 9 \u20ac \u2013 Plat 20 \u20ac \u2013 Dessert 8 \u20ac<\/p>\n<p>*************************************************<\/p>\n<p>Foie Gras marin\u00e9 au Porto et baies de Szechuan, chutney de figues aux noix et gel\u00e9e de pineau &nbsp;(suppl\u00e9ment: 3 \u20ac)<\/p>\n<p>Ou<\/p>\n<p>Velout\u00e9 aux C\u00e9pes et champignons de Paris<\/p>\n<p>Ou<\/p>\n<p>Mousseline de Haddock, cr\u00e8meux de pois cass\u00e9s<\/p>\n<p>*********************<\/p>\n<p>Pav\u00e9 de Lieu Noir de ligne, fondue de poireaux, sauce fenouil<\/p>\n<p>Ou<\/p>\n<p>M\u00e9daillon de filet mignon de porc, gratin de pommes de terre et sauce paprika<\/p>\n<p>Ou<\/p>\n<p>Sanglier brais\u00e9 facon bourguignonne \u2013 cuisson basse temp\u00e9rature<\/p>\n<p>*********************<\/p>\n<p>Parfait glac\u00e9 au caf\u00e9, cr\u00e8me anglaise<\/p>\n<p>Ou<\/p>\n<p>Cr\u00e8me brul\u00e9e \u00e0 la vanille Bourbon<\/p>\n<p>Ou<\/p>\n<p>Moelleux au chocolat et cr\u00e8me anglaise<\/td>\n<\/tr>\n<\/tbody>\n<\/table>\n<\/div>\n","protected":false},"excerpt":{"rendered":"<p>Restauration &nbsp; &nbsp; Le restaurant est ouvert tous les soirs sauf le mercredi, du 7 avril au 4 novembre 2023. Possibilit\u00e9 d\u2019ouverture hors saison pour les groupes. &nbsp; La capacit\u00e9 est volontairement limit\u00e9e pour gage de qualit\u00e9. R\u00e9servez votre table&nbsp;exclusivement et obligatoirement&nbsp;&nbsp;en avance, aupr\u00e8s de la r\u00e9ception du ch\u00e2teau au 02.54.70.58.40. La restauration du ch\u00e2teau &#8230; <span class=\"more\"><a class=\"more-link\" href=\"https:\/\/lpctour.fr\/2025\/tp\/sephora\/restauration\/\"><\/a><\/span><\/p>\n","protected":false},"author":1,"featured_media":0,"parent":0,"menu_order":0,"comment_status":"closed","ping_status":"closed","template":"","meta":{"ngg_post_thumbnail":0,"footnotes":""},"class_list":["entry","page","publish","author-sephora_tallout","post-112"],"_links":{"self":[{"href":"https:\/\/lpctour.fr\/2025\/tp\/sephora\/wp-json\/wp\/v2\/pages\/112","targetHints":{"allow":["GET"]}}],"collection":[{"href":"https:\/\/lpctour.fr\/2025\/tp\/sephora\/wp-json\/wp\/v2\/pages"}],"about":[{"href":"https:\/\/lpctour.fr\/2025\/tp\/sephora\/wp-json\/wp\/v2\/types\/page"}],"author":[{"embeddable":true,"href":"https:\/\/lpctour.fr\/2025\/tp\/sephora\/wp-json\/wp\/v2\/users\/1"}],"replies":[{"embeddable":true,"href":"https:\/\/lpctour.fr\/2025\/tp\/sephora\/wp-json\/wp\/v2\/comments?post=112"}],"version-history":[{"count":4,"href":"https:\/\/lpctour.fr\/2025\/tp\/sephora\/wp-json\/wp\/v2\/pages\/112\/revisions"}],"predecessor-version":[{"id":179,"href":"https:\/\/lpctour.fr\/2025\/tp\/sephora\/wp-json\/wp\/v2\/pages\/112\/revisions\/179"}],"wp:attachment":[{"href":"https:\/\/lpctour.fr\/2025\/tp\/sephora\/wp-json\/wp\/v2\/media?parent=112"}],"curies":[{"name":"wp","href":"https:\/\/api.w.org\/{rel}","templated":true}]}}